{"id":1548,"date":"2019-01-16T18:38:19","date_gmt":"2019-01-16T16:38:19","guid":{"rendered":"http:\/\/www.netz-barrierefrei.de\/wordpress\/?page_id=1548"},"modified":"2024-02-15T18:33:46","modified_gmt":"2024-02-15T16:33:46","slug":"workshop-einfuehrung-in-die-barrierefreiheit","status":"publish","type":"page","link":"https:\/\/www.netz-barrierefrei.de\/wordpress\/barrierefreiheits-workshops\/workshop-einfuehrung-in-die-barrierefreiheit\/","title":{"rendered":"Online-Schulung: Einf\u00fchrung in die Barrierefreiheit"},"content":{"rendered":"<p><img loading=\"lazy\" decoding=\"async\" src=\"https:\/\/www.netz-barrierefrei.de\/wordpress\/wp-content\/uploads\/schluessel.jpg\" alt=\"Stilisierter Schl\u00fcssel\" width=\"960\" height=\"540\" class=\"alignleft size-full wp-image-4856\" srcset=\"https:\/\/www.netz-barrierefrei.de\/wordpress\/wp-content\/uploads\/schluessel.jpg 960w, https:\/\/www.netz-barrierefrei.de\/wordpress\/wp-content\/uploads\/schluessel-300x169.jpg 300w, https:\/\/www.netz-barrierefrei.de\/wordpress\/wp-content\/uploads\/schluessel-768x432.jpg 768w\" sizes=\"auto, (max-width: 960px) 100vw, 960px\" \/>Sie wollten schon immer wissen, was Barrierefreiheit eigentlich bedeutet. Und wie Sie in der Praxis umgesetzt werden kann? Dann ist diese Schulung passend f\u00fcr Sie. <\/p>\n<div id=\"ez-toc-container\" class=\"ez-toc-v2_0_82_2 counter-hierarchy ez-toc-counter ez-toc-white ez-toc-container-direction\">\n<div class=\"ez-toc-title-container\">\n<p class=\"ez-toc-title\" style=\"cursor:inherit\">Inhalt<\/p>\n<span class=\"ez-toc-title-toggle\"><a href=\"#\" class=\"ez-toc-pull-right ez-toc-btn ez-toc-btn-xs ez-toc-btn-default ez-toc-toggle\" aria-label=\"Toggle Table of Content\"><span class=\"ez-toc-js-icon-con\"><span class=\"\"><span class=\"eztoc-hide\" style=\"display:none;\">Toggle<\/span><span class=\"ez-toc-icon-toggle-span\"><svg style=\"fill: #999;color:#999\" xmlns=\"http:\/\/www.w3.org\/2000\/svg\" class=\"list-377408\" width=\"20px\" height=\"20px\" viewBox=\"0 0 24 24\" fill=\"none\"><path d=\"M6 6H4v2h2V6zm14 0H8v2h12V6zM4 11h2v2H4v-2zm16 0H8v2h12v-2zM4 16h2v2H4v-2zm16 0H8v2h12v-2z\" fill=\"currentColor\"><\/path><\/svg><svg style=\"fill: #999;color:#999\" class=\"arrow-unsorted-368013\" xmlns=\"http:\/\/www.w3.org\/2000\/svg\" width=\"10px\" height=\"10px\" viewBox=\"0 0 24 24\" version=\"1.2\" baseProfile=\"tiny\"><path d=\"M18.2 9.3l-6.2-6.3-6.2 6.3c-.2.2-.3.4-.3.7s.1.5.3.7c.2.2.4.3.7.3h11c.3 0 .5-.1.7-.3.2-.2.3-.5.3-.7s-.1-.5-.3-.7zM5.8 14.7l6.2 6.3 6.2-6.3c.2-.2.3-.5.3-.7s-.1-.5-.3-.7c-.2-.2-.4-.3-.7-.3h-11c-.3 0-.5.1-.7.3-.2.2-.3.5-.3.7s.1.5.3.7z\"\/><\/svg><\/span><\/span><\/span><\/a><\/span><\/div>\n<nav><ul class='ez-toc-list ez-toc-list-level-1 ' ><li class='ez-toc-page-1 ez-toc-heading-level-2'><a class=\"ez-toc-link ez-toc-heading-1\" href=\"https:\/\/www.netz-barrierefrei.de\/wordpress\/barrierefreiheits-workshops\/workshop-einfuehrung-in-die-barrierefreiheit\/#Inhalte_der_Schulung\" >Inhalte der Schulung<\/a><\/li><li class='ez-toc-page-1 ez-toc-heading-level-2'><a class=\"ez-toc-link ez-toc-heading-2\" href=\"https:\/\/www.netz-barrierefrei.de\/wordpress\/barrierefreiheits-workshops\/workshop-einfuehrung-in-die-barrierefreiheit\/#Zielgruppen_des_Workshops\" >Zielgruppen des Workshops<\/a><\/li><li class='ez-toc-page-1 ez-toc-heading-level-2'><a class=\"ez-toc-link ez-toc-heading-3\" href=\"https:\/\/www.netz-barrierefrei.de\/wordpress\/barrierefreiheits-workshops\/workshop-einfuehrung-in-die-barrierefreiheit\/#Zeit_und_Ort\" >Zeit und Ort<\/a><\/li><li class='ez-toc-page-1 ez-toc-heading-level-2'><a class=\"ez-toc-link ez-toc-heading-4\" href=\"https:\/\/www.netz-barrierefrei.de\/wordpress\/barrierefreiheits-workshops\/workshop-einfuehrung-in-die-barrierefreiheit\/#Konzept_und_Leistungen\" >Konzept und Leistungen<\/a><\/li><li class='ez-toc-page-1 ez-toc-heading-level-2'><a class=\"ez-toc-link ez-toc-heading-5\" href=\"https:\/\/www.netz-barrierefrei.de\/wordpress\/barrierefreiheits-workshops\/workshop-einfuehrung-in-die-barrierefreiheit\/#Der_Dozent\" >Der Dozent<\/a><\/li><\/ul><\/nav><\/div>\n<h2><span class=\"ez-toc-section\" id=\"Inhalte_der_Schulung\"><\/span>Inhalte der Schulung<span class=\"ez-toc-section-end\"><\/span><\/h2>\n<p>Barrierefreiheit ist ein komplexes Thema. Schon der Einstieg ist schwierig. Dieser Workshop soll Ihnen erste Grundkenntnisse vermitteln.<br \/>\nFolgende Themen werden im Workshop unter anderem behandelt: <\/p>\n<ul>\n<li>Was hei\u00dft Barrierefreiheit und welche Barrieren gibt es<\/li>\n<li>Welche rechtlichen Grundlagen hat die Barrierefreiheit??<\/li>\n<li>Wie kann ich Vorgesetzte, Kollegen und Agenturen bei einem Barrierefreiheits-Projekt einbinden\/steuern? <\/li>\n<li>Was sollte beim Projektmanagement beachtet werden?<\/li>\n<li>Wie kann sicher gestellt werden, dass die Barrierefreiheit auch bei \u00c4nderungen bestehen bleibt?<\/li>\n<\/ul>\n<h2><span class=\"ez-toc-section\" id=\"Zielgruppen_des_Workshops\"><\/span>Zielgruppen des Workshops<span class=\"ez-toc-section-end\"><\/span><\/h2>\n<p>Der Workshop richtet sich an Personen, die Barrierefreiheits-Prozesse begleiten, betreuen oder umsetzen und erste Grundkenntnisse zur Barrierefreiheit erwerben m\u00f6chten. Dazu geh\u00f6ren zum Beispiel Beauftragte f\u00fcr Inklusion oder Diversity.  Angesprochen sind auch Projektleiter und Projektmitarbeiter. Nat\u00fcrlich sind aber auch Personen aus anderen Bereichen willkommen. F\u00fcr die Teilnahme am Workshop sind keine Vorkenntnisse notwendig.<br \/>\nWenn Sie sich bereits mit Barrierefreiheit besch\u00e4ftigt haben, ist der Workshop f\u00fcr Sie eher uninteressant. Auch wenn Sie Fragen zu speziellen Bereichen wie dem barrierefreien Bauen oder dem barrierefreien Internet haben, ist der Workshop f\u00fcr Sie nicht geeignet. Es geht eher darum, ein allgemeines Grundverst\u00e4ndnis von Barrierefreiheit zu entwickeln , f\u00fcr das Thema zu sensibilisieren und praktische Tipps f\u00fcr die Umsetzung konkreter Projekte zu erhalten.<br \/>\nSie wissen nicht, ob der Workshop f\u00fcr Sie geeignet ist? Melden Sie sich gerne bei mir. <\/p>\n<h2><span class=\"ez-toc-section\" id=\"Zeit_und_Ort\"><\/span>Zeit und Ort<span class=\"ez-toc-section-end\"><\/span><\/h2>\n<p>Folgende Termine sind geplant:<br \/>\n[sc name=&#8220;einfuehrung&#8220;]<br \/>\nAuf Wunsch bieten wir auch eine Inhouse-Schulung f\u00fcr Ihre Organisation. Auch eine Einzel-Schulung ist flexibel und g\u00fcnstig umsetzbar. <\/p>\n<p>[sc name=&#8220;zoom&#8220;]<br \/>\nWir empfehlen die Nutzung eines Headsets. Eine Webcam ist nicht erforderlich. <\/p>\n<h2><span class=\"ez-toc-section\" id=\"Konzept_und_Leistungen\"><\/span>Konzept und Leistungen<span class=\"ez-toc-section-end\"><\/span><\/h2>\n<p>Der Workshop besteht aus Vortr\u00e4gen und kleineren \u00dcbungen. Sie haben viel Gelegenheit, zu diskutieren und Fragen zu stellen.<br \/>\nSie erhalten nach dem Workshop Eine personalisierte Teilnahmebescheinigung. Au\u00dferdem gibt es ein gedrucktes Handout mit wichtigen Informationen. Die Pr\u00e4sentation zum Workshop erhalten Sie als digitales Dokument. <\/p>\n<h2><span class=\"ez-toc-section\" id=\"Der_Dozent\"><\/span>Der Dozent<span class=\"ez-toc-section-end\"><\/span><\/h2>\n<p>Domingos de Oliveira ist Diplom-Politikwissenschaftler. Er arbeitet seit dem Jahr 2010 als freier Berater und Dozent f\u00fcr digitale Barrierefreiheit. Seine Schwerpunkte sind das barrierefreie Internet und die barrierefreie Kommunikation. Er war aber auch in weiteren Bereichen wie barrierefreien Veranstaltungen t\u00e4tig. Zu seinen Auftraggebern z\u00e4hlen die Aktion Mensch, der Zoll oder die Deutsche Forschungsgemeinschaft. 2018 hat er das Buch &#8222;Barrierefreiheit umsetzen&#8220; geschrieben. Es bietet eine allgemeine Einf\u00fchrung und Hilfe zur Umsetzung von Projekten zur Barrierefreiheit. <\/p>\n","protected":false},"excerpt":{"rendered":"<p>Sie wollten schon immer wissen, was Barrierefreiheit eigentlich bedeutet. Und wie Sie in der Praxis umgesetzt werden kann? Dann ist diese Schulung passend f\u00fcr Sie.&#8230;<\/p>\n<div class=\"more-link-wrapper\"><a class=\"more-link\" href=\"https:\/\/www.netz-barrierefrei.de\/wordpress\/barrierefreiheits-workshops\/workshop-einfuehrung-in-die-barrierefreiheit\/\">Weiterlesen<span class=\"screen-reader-text\">Online-Schulung: Einf\u00fchrung in die Barrierefreiheit<\/span><\/a><\/div>\n","protected":false},"author":1,"featured_media":0,"parent":352,"menu_order":0,"comment_status":"closed","ping_status":"closed","template":"","meta":{"footnotes":""},"class_list":["post-1548","page","type-page","status-publish","hentry","entry"],"_links":{"self":[{"href":"https:\/\/www.netz-barrierefrei.de\/wordpress\/wp-json\/wp\/v2\/pages\/1548","targetHints":{"allow":["GET"]}}],"collection":[{"href":"https:\/\/www.netz-barrierefrei.de\/wordpress\/wp-json\/wp\/v2\/pages"}],"about":[{"href":"https:\/\/www.netz-barrierefrei.de\/wordpress\/wp-json\/wp\/v2\/types\/page"}],"author":[{"embeddable":true,"href":"https:\/\/www.netz-barrierefrei.de\/wordpress\/wp-json\/wp\/v2\/users\/1"}],"replies":[{"embeddable":true,"href":"https:\/\/www.netz-barrierefrei.de\/wordpress\/wp-json\/wp\/v2\/comments?post=1548"}],"version-history":[{"count":25,"href":"https:\/\/www.netz-barrierefrei.de\/wordpress\/wp-json\/wp\/v2\/pages\/1548\/revisions"}],"predecessor-version":[{"id":8915,"href":"https:\/\/www.netz-barrierefrei.de\/wordpress\/wp-json\/wp\/v2\/pages\/1548\/revisions\/8915"}],"up":[{"embeddable":true,"href":"https:\/\/www.netz-barrierefrei.de\/wordpress\/wp-json\/wp\/v2\/pages\/352"}],"wp:attachment":[{"href":"https:\/\/www.netz-barrierefrei.de\/wordpress\/wp-json\/wp\/v2\/media?parent=1548"}],"curies":[{"name":"wp","href":"https:\/\/api.w.org\/{rel}","templated":true}]}}