{"id":9777,"date":"2025-01-10T13:43:53","date_gmt":"2025-01-10T11:43:53","guid":{"rendered":"https:\/\/www.netz-barrierefrei.de\/wordpress\/?page_id=9777"},"modified":"2025-01-10T13:43:53","modified_gmt":"2025-01-10T11:43:53","slug":"das-jahr-des-european-accessibility-act-1-2025","status":"publish","type":"page","link":"https:\/\/www.netz-barrierefrei.de\/wordpress\/newsletter-digitale-barrierefreiheit\/das-jahr-des-european-accessibility-act-1-2025\/","title":{"rendered":"Das Jahr des European Accessibility Act &#8211; 1-2025"},"content":{"rendered":"<p>Das Jahr 2025 steht ganz im Zeichen des European Accessibility Act. In weniger als sechs Monaten m\u00fcssen Online-Shops oder Online-Banking barrierefrei sein. Eine spannende Zeit f\u00fcr Accessibility Consultants: Tats\u00e4chlich wagt niemand eine Voraussage, wie es am Tag danach, am 29. Juni 2025 barriere-m\u00e4\u00dfig aussehen wird. Wenn wir in England w\u00e4ren, w\u00fcrden die Wettb\u00fcros gute Kasse mit dem Thema machen.<\/p>\n<div id=\"ez-toc-container\" class=\"ez-toc-v2_0_82_2 counter-hierarchy ez-toc-counter ez-toc-white ez-toc-container-direction\">\n<div class=\"ez-toc-title-container\">\n<p class=\"ez-toc-title\" style=\"cursor:inherit\">Inhalt<\/p>\n<span class=\"ez-toc-title-toggle\"><a href=\"#\" class=\"ez-toc-pull-right ez-toc-btn ez-toc-btn-xs ez-toc-btn-default ez-toc-toggle\" aria-label=\"Toggle Table of Content\"><span class=\"ez-toc-js-icon-con\"><span class=\"\"><span class=\"eztoc-hide\" style=\"display:none;\">Toggle<\/span><span class=\"ez-toc-icon-toggle-span\"><svg style=\"fill: #999;color:#999\" xmlns=\"http:\/\/www.w3.org\/2000\/svg\" class=\"list-377408\" width=\"20px\" height=\"20px\" viewBox=\"0 0 24 24\" fill=\"none\"><path d=\"M6 6H4v2h2V6zm14 0H8v2h12V6zM4 11h2v2H4v-2zm16 0H8v2h12v-2zM4 16h2v2H4v-2zm16 0H8v2h12v-2z\" fill=\"currentColor\"><\/path><\/svg><svg style=\"fill: #999;color:#999\" class=\"arrow-unsorted-368013\" xmlns=\"http:\/\/www.w3.org\/2000\/svg\" width=\"10px\" height=\"10px\" viewBox=\"0 0 24 24\" version=\"1.2\" baseProfile=\"tiny\"><path d=\"M18.2 9.3l-6.2-6.3-6.2 6.3c-.2.2-.3.4-.3.7s.1.5.3.7c.2.2.4.3.7.3h11c.3 0 .5-.1.7-.3.2-.2.3-.5.3-.7s-.1-.5-.3-.7zM5.8 14.7l6.2 6.3 6.2-6.3c.2-.2.3-.5.3-.7s-.1-.5-.3-.7c-.2-.2-.4-.3-.7-.3h-11c-.3 0-.5.1-.7.3-.2.2-.3.5-.3.7s.1.5.3.7z\"\/><\/svg><\/span><\/span><\/span><\/a><\/span><\/div>\n<nav><ul class='ez-toc-list ez-toc-list-level-1 ' ><li class='ez-toc-page-1 ez-toc-heading-level-2'><a class=\"ez-toc-link ez-toc-heading-1\" href=\"https:\/\/www.netz-barrierefrei.de\/wordpress\/newsletter-digitale-barrierefreiheit\/das-jahr-des-european-accessibility-act-1-2025\/#Interessante_Beitraege\" >Interessante Beitr\u00e4ge<\/a><\/li><li class='ez-toc-page-1 ez-toc-heading-level-2'><a class=\"ez-toc-link ez-toc-heading-2\" href=\"https:\/\/www.netz-barrierefrei.de\/wordpress\/newsletter-digitale-barrierefreiheit\/das-jahr-des-european-accessibility-act-1-2025\/#Gute_Nachrichten_des_Monats\" >Gute Nachrichten des Monats<\/a><\/li><li class='ez-toc-page-1 ez-toc-heading-level-2'><a class=\"ez-toc-link ez-toc-heading-3\" href=\"https:\/\/www.netz-barrierefrei.de\/wordpress\/newsletter-digitale-barrierefreiheit\/das-jahr-des-european-accessibility-act-1-2025\/#Weitere_Beitraege\" >Weitere Beitr\u00e4ge<\/a><\/li><\/ul><\/nav><\/div>\n<h2><span class=\"ez-toc-section\" id=\"Interessante_Beitraege\"><\/span>Interessante Beitr\u00e4ge<span class=\"ez-toc-section-end\"><\/span><\/h2>\n<p>Die Bundesfachstelle Barrierefreiheit hat ihre Handreichung zu barrierefreien Wahlokalen aktualisiert.<\/p>\n<p><a href=\"https:\/\/www.bundesfachstelle-barrierefreiheit.de\/SharedDocs\/Kurzmeldungen\/DE\/handreichung-barrierefreie-wahllokale-2024.html\">Aktualisiert: Handreichung barrierefreie Wahllokale<\/a><\/p>\n<p>Ein kostenloses eBook diskutiert das Thema digitale Barrierefreiheit in der Bildung.<\/p>\n<p><a href=\"https:\/\/publikationen.ub.uni-frankfurt.de\/opus4\/frontdoor\/deliver\/index\/docId\/62773\/file\/Sammelband_Digitale_Barrierefreiheit.pdf\">Digitale Barrierefreiheit weiter denken &#8211; PDF<\/a><\/p>\n<p>Die Universal-Design- for-Learning-Leitlinien 3.0 liegen in einer deutschen Version vor.<\/p>\n<p><a href=\"https:\/\/udlguidelines.cast.org\/static\/udlg3-graphicorganizer-digital-numbers-a11y-german.pdf\">Die Universal-Design- for-Learning-Leitlinien<\/a><\/p>\n<p>Weiter geht&#8217;s auf Englisch: Die WAI hat einen neuen Entwurf der WCAG 3.0 zur Kommentierung vorgelegt. Es ist allerdings deutlich erkennbar, dass der Weg zur endg\u00fcltigen Ver\u00f6ffentlichung noch weit ist.<\/p>\n<p><a href=\"https:\/\/www.w3.org\/TR\/wcag-3.0\/#toc\">W3C Accessibility Guidelines (WCAG) 3.0<\/a><\/p>\n<p>Ein Leitfaden soll Personen aus dem Management das Thema Barrierefreiheit verst\u00e4ndlicher machen.<\/p>\n<p><a href=\"https:\/\/accessibility.blog.gov.uk\/2024\/11\/21\/introducing-the-leaders-guide-to-accessibility\/\">Introducing the Leader\u2019s Guide to Accessibility<\/a><\/p>\n<p>Ein Barrierefreiheits-Quiz hilft \u00fcber die Langeweile an kalten Abenden.<\/p>\n<p>Accessibility Quiz [Beta]<\/p>\n<p>Software as a Service (SAAS) spielt eine wachsende Rolle. Ein Toolkit soll dabei helfen, sie barrierefrei umzusetzen.<\/p>\n<p><a href=\"https:\/\/www.barrierbreak.com\/the-saas-accessibility-toolkit\/\">SAAS ACCESSIBILITY TOOLKIT<\/a><\/p>\n<p>TechCheck ist eine Informationssammlung, um Arbeitspl\u00e4tze barrierefrei zu gestalten.<\/p>\n<p>TechCheck<\/p>\n<p>Eine Studie zeigt, dass sich die Barrierefreiheit von wissenschaftlichen Papern im PDF-Format eher verschlechtert.<\/p>\n<p><a href=\"https:\/\/www.nature.com\/articles\/d41586-024-03953-7?error=cookies_not_supported&amp;code=bb2f4c1a-dfae-4ff6-8f9b-2361ec09c3e1\">Accessibility worsens for blind and low-vision readers of academic PDFs<\/a><\/p>\n<p>Eine Studie zeigt, dass behinderte Menschen in Verhandlungen am Arbeitsplatz stark stigmatisiert sind.<\/p>\n<p><a href=\"https:\/\/hbr.org\/2024\/11\/research-the-stigma-disabled-people-face-during-negotiations\">Research: The Stigma Disabled People Face During Negotiations <\/a><\/p>\n<p>Ein Verzeichnis sammelt die Forschung zum Thema digitale Inklusion.<\/p>\n<p><a href=\"https:\/\/www.digitalinclusion.org\/blog\/introducing-the-digital-equity-researcher-inventory\/\">Digital Equity Researcher Inventory<\/a><\/p>\n<p>Deque zeigt in einer aktuellen Analyse, wie teuer und zeitaufwendig es ist,Barrierefreiheit nur nachtr\u00e4glich zu ber\u00fccksichtigen.<\/p>\n<p><a href=\"https:\/\/www.deque.com\/blog\/doing-the-numbers-digital-accessibility-and-shifting-left\/\">Doing the numbers: Digital accessibility and shifting left<\/a><\/p>\n<h2><span class=\"ez-toc-section\" id=\"Gute_Nachrichten_des_Monats\"><\/span>Gute Nachrichten des Monats<span class=\"ez-toc-section-end\"><\/span><\/h2>\n<p>Electronic Arts hat einige Patente f\u00fcr barrierefreies Gaming eingereicht. Diese Patente d\u00fcrfen kostenlos von anderen Anbeitenden verwendet werden. <\/p>\n<p><a href=\"https:\/\/www.theverge.com\/2024\/12\/5\/24314026\/ea-electronic-arts-expands-accessibility-pledge-tech-patents\">EA adds more tech patents to its accessibility program<\/a><\/p>\n<p>Ein Guide erkl\u00e4rt die Rechte, die man als behinderter Eu-B\u00fcrgerin hat.<\/p>\n<p><a href=\"https:\/\/www.edf-feph.org\/publications\/my-rights-in-the-eu-as-a-person-with-disabilities\/\">My Rights in the EU as a person with disabilities<\/a><\/p>\n<p>Google bringt Emotionen in Untertitel: Sie sollen nicht nur zeigen, was gesagt wurde, sondern auch, wie es gesagt wurde.<\/p>\n<p><a href=\"https:\/\/blog.google\/products-and-platforms\/platforms\/android\/google-android-expressive-captions\/\">Android\u2019s Expressive Captions uses AI to bring emotion to captions<\/a><\/p>\n<p>Das Business Disability Forum bietet berechtigten Personen die kostenlose Nutzung von realistischen Bildern zum Thema Behinderung.<\/p>\n<p><a href=\"https:\/\/businessdisabilityforum.org.uk\/knowledge-hub\/changing-the-image-of-disability\/image-gallery\/\">Image gallery<\/a><\/p>\n<p>Die US-amerikanische Stadt Baltimore investiert 44 Millionen Dollar, um B\u00fcrgersteige barrierefreier zu gestalten.<\/p>\n<p><a href=\"https:\/\/www.cbsnews.com\/baltimore\/news\/baltimore-city-44-million-investment-pedestrian-accessibility\/\">Baltimore City to invest $44 million to make sidewalks more accessible, <\/a><\/p>\n<p>Die kostenlose App Eyeware erlaubt die Simulation verschiedener Sehbehinderungen.<\/p>\n<p><a href=\"https:\/\/www.rnib.org.uk\/living-with-sight-loss\/assistive-aids-and-technology\/eyeware\/\">Eyeware<\/a><\/p>\n<p>Weitere gute Nachrichten gibt es bei Deque.<\/p>\n<p><a href=\"https:\/\/www.deque.com\/blog\/accessibility-reads-thursday-october-10\/\">Accessibility reads: Thursday, October 10 | Deque<\/a><\/p>\n<h2><span class=\"ez-toc-section\" id=\"Weitere_Beitraege\"><\/span>Weitere Beitr\u00e4ge<span class=\"ez-toc-section-end\"><\/span><\/h2>\n<ul>\n<li><a href=\"https:\/\/publishing.cast.org\/catalog\/books-products\/udl-mathematics-k-5-novak-marlow\">Book: Universal Design for Learning in Mathematics Instruction, K-5<\/a><\/li>\n<li><a href=\"https:\/\/www.ethicaldesignresources.com\/\">Ethical Design Resources<\/a><\/liS>\n<li><a href=\"https:\/\/www.color-blindness.com\/\">Guide on Color Blindness<\/a><\/li>\n<li><a href=\"https:\/\/www.tempertemper.net\/blog\/an-enhancement-to-accessible-responsive-tables#main\">An enhancement to accessible responsive tables<\/a><\/li>\n<li><a href=\"https:\/\/equalentry.com\/accessibility-privacy-security\/\">Should We Think About Accessibility Differently? Privacy and Security Comparisons<\/a><\/li>\n<li>How to write inclusive, accessible digital products<\/li>\n<li><a href=\"https:\/\/www.thedroidsonroids.com\/blog\/provide-accessibility-in-mobile-app-guide\">Step-by-Step Guide to Provide Accessibility in Your Mobile App<\/a><\/li>\n<li><a href=\"https:\/\/accessiblemindstech.com\/exploring-the-intersection-of-green-technology-and-accessible-design-in-2025\/?sitelint=[{%22ui%22:%22full%22}]\">Exploring the Intersection of Green Technology and Accessible Design in 2025<\/a><\/li>\n<li><a href=\"https:\/\/www.a11y-collective.com\/blog\/artificial-intelligence-accessibility\/\">AI and Accessibility: Ethical Considerations and Solutions<\/a><\/li>\n<li><a href=\"https:\/\/www.a11y-collective.com\/blog\/aria-live\/\">The Complete Guide to ARIA Live Regions for Developers <\/a><\/li>\n<li><a href=\"https:\/\/a11yquest.com\/blog\/2024-11-13-component-libraries\/\">The Myth of \u2018Accessible Components and Done\u2019<\/a><\/li>\n<li><a href=\"https:\/\/www.a11y-collective.com\/blog\/accessibility-in-javascript\/\">How to Test JavaScript for Accessibility Compliance <\/a><\/li>\n<li><a href=\"https:\/\/www.deloitte.com\/global\/en\/issues\/work\/content\/disability-inclusion-at-work.html\">Disability Inclusion @ Work 2024: A\u00a0Global\u00a0Outlook<\/a><\/li>\n<\/ul>\n","protected":false},"excerpt":{"rendered":"<p>Das Jahr 2025 steht ganz im Zeichen des European Accessibility Act. In weniger als sechs Monaten m\u00fcssen Online-Shops oder Online-Banking barrierefrei sein. Eine spannende Zeit&#8230;<\/p>\n<div class=\"more-link-wrapper\"><a class=\"more-link\" href=\"https:\/\/www.netz-barrierefrei.de\/wordpress\/newsletter-digitale-barrierefreiheit\/das-jahr-des-european-accessibility-act-1-2025\/\">Weiterlesen<span class=\"screen-reader-text\">Das Jahr des European Accessibility Act &#8211; 1-2025<\/span><\/a><\/div>\n","protected":false},"author":1,"featured_media":0,"parent":1450,"menu_order":0,"comment_status":"closed","ping_status":"closed","template":"","meta":{"footnotes":""},"class_list":["post-9777","page","type-page","status-publish","hentry","entry"],"_links":{"self":[{"href":"https:\/\/www.netz-barrierefrei.de\/wordpress\/wp-json\/wp\/v2\/pages\/9777","targetHints":{"allow":["GET"]}}],"collection":[{"href":"https:\/\/www.netz-barrierefrei.de\/wordpress\/wp-json\/wp\/v2\/pages"}],"about":[{"href":"https:\/\/www.netz-barrierefrei.de\/wordpress\/wp-json\/wp\/v2\/types\/page"}],"author":[{"embeddable":true,"href":"https:\/\/www.netz-barrierefrei.de\/wordpress\/wp-json\/wp\/v2\/users\/1"}],"replies":[{"embeddable":true,"href":"https:\/\/www.netz-barrierefrei.de\/wordpress\/wp-json\/wp\/v2\/comments?post=9777"}],"version-history":[{"count":16,"href":"https:\/\/www.netz-barrierefrei.de\/wordpress\/wp-json\/wp\/v2\/pages\/9777\/revisions"}],"predecessor-version":[{"id":10668,"href":"https:\/\/www.netz-barrierefrei.de\/wordpress\/wp-json\/wp\/v2\/pages\/9777\/revisions\/10668"}],"up":[{"embeddable":true,"href":"https:\/\/www.netz-barrierefrei.de\/wordpress\/wp-json\/wp\/v2\/pages\/1450"}],"wp:attachment":[{"href":"https:\/\/www.netz-barrierefrei.de\/wordpress\/wp-json\/wp\/v2\/media?parent=9777"}],"curies":[{"name":"wp","href":"https:\/\/api.w.org\/{rel}","templated":true}]}}