{"id":9824,"date":"2025-01-31T16:17:06","date_gmt":"2025-01-31T14:17:06","guid":{"rendered":"https:\/\/www.netz-barrierefrei.de\/wordpress\/?page_id=9824"},"modified":"2025-03-17T09:08:30","modified_gmt":"2025-03-17T07:08:30","slug":"interview-mit-steve-weidel","status":"publish","type":"page","link":"https:\/\/www.netz-barrierefrei.de\/wordpress\/newsletter-digitale-barrierefreiheit\/interview-mit-steve-weidel\/","title":{"rendered":"K\u00fcnstliche Intelligenz f\u00fcr Barrierefreiheit &#8211; Interview mit Steve Weidel"},"content":{"rendered":"<p><iframe loading=\"lazy\" src=\"https:\/\/digitale-barrierefreiheit.podigee.io\/287-ein-interview-mit-steve-weidel-uber-die-moglichkeiten-der-ki-fur-die-barrierefreiheit\/embed?context=external&#038;theme=default\" style=\"border: 0\" frameBorder=\"0\" height=\"100\" width=\"100%\"><\/iframe><\/p>\n<p>Dies ist das Transkript zum Interview mit Steve Weidel. Steve gr\u00fcndet aktuell ein Unternehmen mit den Themen KI und Barrierefreiheit und ist selbst blind. Alle Ungenauigkeiten und Typos gehen auf mein Konto. <\/p>\n<div id=\"ez-toc-container\" class=\"ez-toc-v2_0_82_2 counter-hierarchy ez-toc-counter ez-toc-white ez-toc-container-direction\">\n<div class=\"ez-toc-title-container\">\n<p class=\"ez-toc-title\" style=\"cursor:inherit\">Inhalt<\/p>\n<span class=\"ez-toc-title-toggle\"><a href=\"#\" class=\"ez-toc-pull-right ez-toc-btn ez-toc-btn-xs ez-toc-btn-default ez-toc-toggle\" aria-label=\"Toggle Table of Content\"><span class=\"ez-toc-js-icon-con\"><span class=\"\"><span class=\"eztoc-hide\" style=\"display:none;\">Toggle<\/span><span class=\"ez-toc-icon-toggle-span\"><svg style=\"fill: #999;color:#999\" xmlns=\"http:\/\/www.w3.org\/2000\/svg\" class=\"list-377408\" width=\"20px\" height=\"20px\" viewBox=\"0 0 24 24\" fill=\"none\"><path d=\"M6 6H4v2h2V6zm14 0H8v2h12V6zM4 11h2v2H4v-2zm16 0H8v2h12v-2zM4 16h2v2H4v-2zm16 0H8v2h12v-2z\" fill=\"currentColor\"><\/path><\/svg><svg style=\"fill: #999;color:#999\" class=\"arrow-unsorted-368013\" xmlns=\"http:\/\/www.w3.org\/2000\/svg\" width=\"10px\" height=\"10px\" viewBox=\"0 0 24 24\" version=\"1.2\" baseProfile=\"tiny\"><path d=\"M18.2 9.3l-6.2-6.3-6.2 6.3c-.2.2-.3.4-.3.7s.1.5.3.7c.2.2.4.3.7.3h11c.3 0 .5-.1.7-.3.2-.2.3-.5.3-.7s-.1-.5-.3-.7zM5.8 14.7l6.2 6.3 6.2-6.3c.2-.2.3-.5.3-.7s-.1-.5-.3-.7c-.2-.2-.4-.3-.7-.3h-11c-.3 0-.5.1-.7.3-.2.2-.3.5-.3.7s.1.5.3.7z\"\/><\/svg><\/span><\/span><\/span><\/a><\/span><\/div>\n<nav><ul class='ez-toc-list ez-toc-list-level-1 ' ><li class='ez-toc-page-1 ez-toc-heading-level-2'><a class=\"ez-toc-link ez-toc-heading-1\" href=\"https:\/\/www.netz-barrierefrei.de\/wordpress\/newsletter-digitale-barrierefreiheit\/interview-mit-steve-weidel\/#ueber_Steve\" >\u00fcber Steve<\/a><\/li><li class='ez-toc-page-1 ez-toc-heading-level-2'><a class=\"ez-toc-link ez-toc-heading-2\" href=\"https:\/\/www.netz-barrierefrei.de\/wordpress\/newsletter-digitale-barrierefreiheit\/interview-mit-steve-weidel\/#KI_fuer_mehr_Selbstaendigkeit\" >KI f\u00fcr mehr Selbst\u00e4ndigkeit<\/a><\/li><li class='ez-toc-page-1 ez-toc-heading-level-2'><a class=\"ez-toc-link ez-toc-heading-3\" href=\"https:\/\/www.netz-barrierefrei.de\/wordpress\/newsletter-digitale-barrierefreiheit\/interview-mit-steve-weidel\/#Ein_Unternehmen_fuer_KI\" >Ein Unternehmen f\u00fcr KI<\/a><\/li><li class='ez-toc-page-1 ez-toc-heading-level-2'><a class=\"ez-toc-link ez-toc-heading-4\" href=\"https:\/\/www.netz-barrierefrei.de\/wordpress\/newsletter-digitale-barrierefreiheit\/interview-mit-steve-weidel\/#Aktuelle_Herausforderungen_fuer_Blinde\" >Aktuelle Herausforderungen f\u00fcr Blinde<\/a><\/li><\/ul><\/nav><\/div>\n<h2><span class=\"ez-toc-section\" id=\"ueber_Steve\"><\/span>\u00fcber Steve<span class=\"ez-toc-section-end\"><\/span><\/h2>\n<p>Domingos: So herzlich Willkommen zu einem neuen Podcast zur digitalen Barrierefreiheit. Heute habe ich wieder einen spannenden Gast dabei, den Steve Weidel. Vielen Dank, dass du dir die Zeit f\u00fcr den Podcast nimmst. Steve haben wir wie immer damit an, dass du dich gerne einmal den Zuh\u00f6renden vorstellst.<\/p>\n<p>Steve: Ja, sehr gerne. Erstmal vielen Dank, dass ich dabei sein kann. Mein Name ist Steve Weidel, ich bin 36 Jahre jung, komme aus Hamburg und bin von Geburt an hochgradig seheingeschr\u00e4nkt. Ich bin im technischen Bereich sehr aktiv, hab auch viele Interessensgebiete, Musik, KI und viele andere technikgebiete .<\/p>\n<p>Domingos:  Kannst du ein bisschen was zu deiner Sehbehinderung erz\u00e4hlen? <\/p>\n<p>Steve: Ich bin von Geburt an sehr stark, seheingeschr\u00e4nkt und es war aber am Anfang noch relativ gut. Ich konnte zeitweise auch noch in Schreibschrift schreiben, mit Vergr\u00f6\u00dferung arbeiten und das wurde mit den Jahren dann halt schlechter aufgrund der Netzhautabl\u00f6sung die ich hatte. Und dann hab ich angefangen, Punktschrift zu lernen,, bin auf Computerbraille umgestiegen, hab gelernt mit Screenreader zu arbeiten und bin mit dieser ganzen Thematik schon jetzt \u00fcber 17 Jahre lang vertraut.<\/p>\n<p>Domingos:  Also arbeitest du jetzt \u00fcberwiegend blind am Computer? <\/p>\n<p>Steve: Ich arbeite komplett blind, also ich arbeite eigentlich nur mit Sprachausgabe, Vergr\u00f6\u00dferung funktioniert leider nicht mehr.   <\/p>\n<h2><span class=\"ez-toc-section\" id=\"KI_fuer_mehr_Selbstaendigkeit\"><\/span>KI f\u00fcr mehr Selbst\u00e4ndigkeit<span class=\"ez-toc-section-end\"><\/span><\/h2>\n<p>Domingos:  Das Thema, wor\u00fcber wir uns ja kennengelernt haben, ist ja KI. Vielleicht kannst du sagen, wie du selber auf das Thema KI Nutzung gekommen bist und oder was deine Verbindung zu dem Thema ist. <\/p>\n<p>Steve: Sehr gern. Also, ich habe mich schon immer f\u00fcr Technik interessiert, und als das Thema KI aufkam, hat es mich sofort fasziniert. Ab 2022 gab es ja diesen riesigen Hype, und da habe ich mich direkt damit besch\u00e4ftigt. Ich habe schnell gemerkt, wie stark KI die Arbeit beschleunigen kann. F\u00fcr uns bringt es wirklich enorm wichtige Vorteile mit sich, es kann Prozesse in ganz neue Richtungen lenken oder auch Hindernisse abbauen. Durch mein technisches Interesse, zu dem KI nat\u00fcrlich dazugeh\u00f6rt, habe ich in den letzten Jahren festgestellt, wie effektiv man damit arbeiten kann \u2013 auch wenn es nat\u00fcrlich einige Einschr\u00e4nkungen gibt.  <\/p>\n<p>Domingos:  Wie ist Deine Verbindung zur digitalen Barrierefreiheit?  <\/p>\n<p>Steve: Und zwar habe ich mich schon sehr lange mit dem Thema besch\u00e4ftigt, da ich fr\u00fch gelernt habe, verschiedene Programme zu bedienen und mich intensiv mit Webseiten auseinandergesetzt habe. Dabei ist mir schnell aufgefallen, welche Webseiten gut bedienbar sind und welche nicht. Vor drei Jahren habe ich mit einem Kollegen, der einen Podcast hat, kurz \u00fcber das Thema gesprochen, weil es um Website-Audits ging. Das fand ich so spannend, dass ich mich intensiv damit auseinandergesetzt habe. Ich habe viele Dinge recherchiert, ausprobiert und mir neues Wissen angeeignet, das ich mit meinen bisherigen Erfahrungen kombiniert habe. Daraus ist eine wirklich gute Grundlage entstanden, weshalb ich mich jetzt verst\u00e4rkt f\u00fcr das Thema digitale Barrierefreiheit einsetzen m\u00f6chte. Ich denke, wir haben einen guten Blickwinkel, um Barrieren gezielt zu erkennen, sinnvoll zu testen und erfolgreich umzusetzen.  <\/p>\n<h2><span class=\"ez-toc-section\" id=\"Ein_Unternehmen_fuer_KI\"><\/span>Ein Unternehmen f\u00fcr KI<span class=\"ez-toc-section-end\"><\/span><\/h2>\n<p>Domingos: genau, du bist ja aktuell besch\u00e4ftigt, also angestellt, aber du planst noch die Gr\u00fcndung einer Firma. Vielleicht kannst du dazu ein bisschen was erz\u00e4hlen, was du damit vorhast.  <\/p>\n<p>Steve: Ich habe mich schon sehr lange mit dem Thema besch\u00e4ftigt, weil ich fr\u00fch angefangen habe, verschiedene Programme zu nutzen und mich auf Webseiten umzusehen. Dabei habe ich schnell gemerkt, welche Webseiten gut bedienbar sind und welche weniger. Vor etwa drei Jahren habe ich mit einem Kollegen, der einen Podcast macht, kurz \u00fcber das Thema gesprochen \u2013 es ging damals um Website-Audits.<\/p>\n<p>Das hat mich so sehr fasziniert, dass ich mich intensiver damit besch\u00e4ftigt habe. Ich habe vieles recherchiert, ausprobiert und mir neues Wissen angeeignet, das ich mit meinen bisherigen Erfahrungen kombiniert habe. Diese Kombination hat sich als sehr hilfreich erwiesen. Deshalb m\u00f6chte ich das Thema digitale Barrierefreiheit aktiv f\u00f6rdern, denn ich bin \u00fcberzeugt, dass wir einen guten Blickwinkel haben, um Barrieren effektiv zu erkennen, sinnvoll zu testen und erfolgreich umzusetzen. Ein weiterer wichtiger Punkt ist, dass wir versuchen, das Ganze mit KI zu kombinieren, da dieses Thema immer relevanter wird. KI-Agents werden zunehmend entwickelt und eingesetzt, sei es in Form von Chatbot-Anwendungen oder Telefonagenten. Gerade <\/p>\n<p>deshalb ist es entscheidend, das Thema digitale Barrierefreiheit st\u00e4rker in den Fokus zu r\u00fccken. Ich habe festgestellt, dass viele Systeme auf den ersten Blick gut funktionieren, aber bei genauerem Hinsehen Barrieren aufweisen, die nicht von allen Nutzern \u00fcberwunden werden k\u00f6nnen. Das birgt Herausforderungen, die wir unbedingt angehen sollten. Ich halte es f\u00fcr besonders wichtig, die Zukunft in diesem Bereich aktiv mitzugestalten. Daher m\u00f6chte ich die Firma gezielt darauf ausrichten, L\u00f6sungen f\u00fcr KI-Anwendungen zu entwickeln \u2013 sei es durch eigene Programmierungen oder durch die nachtr\u00e4gliche Optimierung bestehender Systeme.  <\/p>\n<p>Domingos:  Welches Potenzial siehst du generell beim Thema KI f\u00fcr blinde Menschen, das ist ja unser spezifisches Thema.  <\/p>\n<p>Steve: Genau. Ich glaube, dass das Thema KI ganz neue T\u00fcren f\u00fcr uns \u00f6ffnet. Es gibt unglaublich viele Anwendungsm\u00f6glichkeiten, aber um mal zwei Beispiele zu nennen: Die Nutzung von KI f\u00fcr Echtzeit\u00fcbersetzungen oder Echtzeitbeschreibungen von Objekten ist ein Bereich, der gerade stark an Bedeutung gewinnt. <\/p>\n<p>Auch Echtzeitkommunikation und die \u00dcbertragung von Bildschirmen in Echtzeit sind unglaublich spannende Themen. Ich habe ein VPN, mit dem ich solche Funktionen testen kann, und dabei festgestellt, dass es bereits M\u00f6glichkeiten gibt, sich Bildschirminhalte in Echtzeit beschreiben zu lassen. Das habe ich schon ausprobiert, und es funktioniert erstaunlich gut. <\/p>\n<p>Auch in diesem Bereich gibt es zahlreiche Optionen, die in Zukunft weiterentwickelt werden k\u00f6nnen. <\/p>\n<p>Genau. Was man ebenfalls nicht vergessen darf, ist die M\u00f6glichkeit, Prozesse zu automatisieren, die in der Vergangenheit oft umst\u00e4ndlich oder schwierig zu bedienen waren. Diese k\u00f6nnen zuk\u00fcnftig durch Automatisierung deutlich vereinfacht werden. <\/p>\n<p>Und zu guter Letzt m\u00f6chte ich das Thema Geb\u00e4rdendolmetscher ansprechen. Es wird in Zukunft vermehrt Avatare geben, und ich wei\u00df, dass derzeit an KI-Modellen gearbeitet wird, die eigenst\u00e4ndig Geb\u00e4rdensprache umsetzen k\u00f6nnen \u2013 f\u00fcr Menschen, die auf diese Form der Kommunikation angewiesen sind.   <\/p>\n<h2><span class=\"ez-toc-section\" id=\"Aktuelle_Herausforderungen_fuer_Blinde\"><\/span>Aktuelle Herausforderungen f\u00fcr Blinde<span class=\"ez-toc-section-end\"><\/span><\/h2>\n<p>Domingos: Genau wie du schon gesagt hast, du hast ja einige Tools ausprobiert, auf welche Probleme bist du bei der Nutzung gesto\u00dfen also jetzt nicht, was die Tools k\u00f6nnen, sondern auch die Herausforderung bei der Bedienung der Tools.  <\/p>\n<p>Steve: Ja, da gibt es tats\u00e4chlich spannende Anwendungsf\u00e4lle. Ein Beispiel: Vor ein paar Wochen habe ich ein Tool ausprobiert, das weniger mit den \u00fcblichen KI-Tools zu tun hat, die man im Alltag nutzt. Es ging um ein Tool aus dem Musikbereich, mit dem man Stimmen f\u00fcr Songs klonen oder die eigene Stimme mithilfe von KI anpassen kann, um sie besser in Songs zu integrieren. Das klang wirklich spannend, und die Ergebnisse sind oft beeindruckend. <\/p>\n<p>Aber ich musste feststellen, dass ich das Tool selbst kaum bedienen konnte. Zwar konnte ich mich einloggen und mich ein wenig durch die Plattform bewegen, aber es gab weder benannte Schalter noch einen klaren \u00dcberblick \u00fcber die Benutzeroberfl\u00e4che. Ohne sehende Unterst\u00fctzung kommt man da nicht weiter. Das zeigt, dass die Bedienbarkeit solcher Tools eine echte Herausforderung ist, selbst wenn die Ergebnisse vielversprechend sind. <\/p>\n<p>wir hatten gerade das Thema Automation. Ich erkl\u00e4re das mal kurz an einem kleinen Beispiel. Wenn man beispielsweise einen KI-Agenten, also einen Voice-Agent, programmieren m\u00f6chte, ist das grunds\u00e4tzlich machbar. Daf\u00fcr k\u00f6nnte man zum Beispiel eine Plattform wie Vapi verwenden, auf der man den Agenten erstellen und trainieren kann. Ich habe das ausprobiert \u2013 auf mehreren Betriebssystemen \u2013 und festgestellt, dass es so lala funktioniert. Es ist machbar, aber die Bedienung k\u00f6nnte definitiv besser sein. Es macht ehrlich gesagt nicht wirklich Spa\u00df. <\/p>\n<p>Besonders kritisch wird es, wenn man nicht nur den KI-Agenten erstellen m\u00f6chte, sondern zus\u00e4tzlich eine Automatisierung integrieren will, wie etwa die Verkn\u00fcpfung mit einem Kalender. Ein weiteres Tool, das man nennen k\u00f6nnte, ist Make oder Satea \u2013 das sind Automatisierungsplattformen. Mit diesen Tools l\u00e4sst sich vieles schnell und einfach umsetzen. Das Problem ist jedoch, dass diese Plattformen f\u00fcr uns schwer bedienbar sind. Make ist eine sehr weit verbreitete Plattform, aber ich habe festgestellt, dass sie nicht richtig funktioniert. Man kann kein Szenario erstellen und die Navigation ist sehr un\u00fcbersichtlich. Das sind Punkte, an denen definitiv nachgebessert werden muss. Es gibt noch viele andere Beispiele, aber das ist ein weiteres, das auff\u00e4llt. <\/p>\n<p>Domingos:  Gehst du eigentlich auf die Plattformanbieter zu und kommunizierst es oder hast du daf\u00fcr keine Zeit? <\/p>\n<p>Steve: Doch, ich mache das gerne. Also, ich habe den Support von Make angeschrieben, und sie waren auch ganz nett. Sie haben geantwortet, dass sie mein Feedback toll fanden und sich darum k\u00fcmmern w\u00fcrden. Dann habe ich nochmal nachgehakt und gesagt, dass es vielleicht sinnvoll w\u00e4re, das Ganze mal zu testen, um zu sehen, wie barrierefrei die Plattform wirklich ist \u2013 und das aus der Perspektive eines Nutzers, der mit einem Screenreader arbeitet. Denn theoretisches Wissen ist das eine, aber die tats\u00e4chlichen Anwendungsf\u00e4lle sind etwas ganz anderes. Leider kam daraufhin nicht viel zur\u00fcck, au\u00dfer dass sie sich drum k\u00fcmmern w\u00fcrden. Das kann in diesem Jahr passieren, vielleicht aber auch erst in zehn Jahren \u2013 oder es passiert gar nicht. Das war eine ziemlich vage Antwort. Normalerweise hake ich nach einer gewissen Zeit nochmal nach, um zu sehen, ob sich etwas getan hat.<\/p>\n<p>Domingos:  Wei\u00df nicht, wie du das beobachtest, aber nach meiner Beobachtung iIst die Blindenszene ja generell immer ein bisschen tr\u00e4ge, sag ich mal, wenn es um die Nutzung neuer Technologien geht. In der deutsche Szene, beobachte ich auch, dass sie das Thema KI eigentlich weitgehend ignoriert. <\/p>\n<p>Steve: Also, die Leute, mit denen ich Kontakt habe, sind ehrlich gesagt eher weniger zur\u00fcckhaltend \u2013 die meisten sind von KI fasziniert und versuchen, sie auch zu nutzen. <\/p>\n<p>Was ich jedoch beobachte, ist, dass viele Menschen mit Einschr\u00e4nkungen Schwierigkeiten bei der Bedienung haben. Sie w\u00fcrden KI gerne verwenden und probieren es auch, tun sich aber oft schwer \u2013 sei es, weil sie \u00e4lter sind oder weil ihnen bestimmte F\u00e4higkeiten fehlen, die f\u00fcr die Nutzung erforderlich sind. <\/p>\n<p>Manche arbeiten beispielsweise anders mit einem Screenreader oder br\u00e4uchten einfach mehr \u00dcbung in der praktischen Anwendung.<\/p>\n<p>Das f\u00e4llt mir besonders bei Smartphones auf: Es gibt Menschen, die sagen, sie w\u00fcrden KI gerne nutzen und beherrschen einige Funktionen, aber haben Probleme mit der Navigation, bestimmten Apps oder KI-Anwendungen wie ChatGPT. Einige finden es faszinierend, wissen aber nicht, wie sie loslegen sollen \u2013 wie sie einen Account einrichten, mit der KI kommunizieren, den Voicemodus aktivieren oder durch die Antworten scrollen k\u00f6nnen. Solche H\u00fcrden sehe ich immer wieder.<\/p>\n<p>Domingos:  Meinst du es wird sich dadurch verbessern, das Apple das jetzt in sein \u00d6kosystem integriert? <\/p>\n<p>Steve:  Ja, also ich sag mal so. Apple integriert ist ja an die Neuen in die neuen \u00d6kosysteme, zumindest laut meinem laut meinem aktuellen Stand und ich denke schon, dass es da vermehrt genutzt wird. Das k\u00f6nnte ich mir schon vorstellen. Das w\u00e4re halt nur wichtig. Man muss halt immer auch drauf achten. Es gibt Leute, die wollen es auch einfach nicht nutzen, ne die sagen halt auch N\u00f6 ich arbeite so weiter wie bisher, weil damit komme ich gut, also die haben halt ihre ich sag jetzt mal Komfortzone, was auch v\u00f6llig in Ordnung ist, und tun sich da nat\u00fcrlich auch schwer mit neuen Sachen und das kann ich dann schon verstehen, denn der eine sagt ja jetzt mit KI arbeiten. Sprecher Ja. Steve:  Aber ich glaube schon, dass sich das, wenn Apple das einf\u00fchrt, dass sich das nach und nach \u00e4ndern wird. Glaube das wird nur einfach seine Zeit dauern. Weil. <\/p>\n<p>Domingos:  Ja, wir hatten es ja ganz kurz \u00fcber KI Brillen. Ich glaube, am Anfang, da ist sicherlich auch ein gr\u00f6\u00dferes Potenzial, und da gibt es ja die MetaBrille und ich glaub noch einige andere weniger bekannte und die OrCam oder Envision sind ja durchaus akzeptiert worden als Hilfsmittel. Welches Potenzial siehst du da? <\/p>\n<p>Steve: Das Potenzial ist enorm \u2013 nicht nur in Bezug auf das, was noch kommt, sondern auch f\u00fcr die technische Weiterentwicklung. Genau das finde ich besonders spannend und w\u00fcrde mich in Zukunft gerne selbst an solchen Entwicklungen beteiligen. Es ist allerdings ein sehr spezielles Thema, auf das wir sp\u00e4ter noch einmal eingehen k\u00f6nnen.<\/p>\n<p>Ich sage mal so: Das Potenzial ist riesig, insbesondere bei den Meta Smart Glasses. Diese haben unglaublich viele M\u00f6glichkeiten, sind aktuell aber nur auf Englisch verf\u00fcgbar \u2013 ein deutsches Update gibt es bisher nicht. Ich werde sie mir demn\u00e4chst einmal genauer anschauen. Au\u00dferdem gibt es ein Konkurrenzprodukt von Solos, wenn ich mich nicht t\u00e4usche. Das muss man allerdings online bestellen, da es nicht einfach so erh\u00e4ltlich ist. Bei Meta hingegen kann man zu Ray-Ban gehen und sich die Brille vorf\u00fchren lassen. Insgesamt sehe ich hier ein enormes Potenzial.<\/p>\n<p>Domingos:  Es bleibt auf jeden Fall spannend. Tja, dann w\u00fcrde ich dich zum Abschluss fragen, wo kann man dir folgen? <\/p>\n<p>Steve:  Also wir haben erstmal ein Profil bei LinkedIn, da sind wir ganz gut vertreten. Die Webseite ist gerade noch im Umbau, die kann man in den n\u00e4chsten Wochen eigentlich auch erreichen. Und Und wer aber gerne auch so Kontakt aufnehmen m\u00f6chte, gerade wer Fragen hat oder wenn es um das Thema geht, Barrierefreiheit, KI L\u00f6sungen, KI Optimierung,<br \/>\ndann gerne Kontakt aufnehmen. <\/p>\n<p><a href=\"https:\/\/www.linkedin.com\/in\/steve-weidel-3053b0222 \">Steve Weidel auf Linkedin<\/a><\/p>\n","protected":false},"excerpt":{"rendered":"<p>Dies ist das Transkript zum Interview mit Steve Weidel. Steve gr\u00fcndet aktuell ein Unternehmen mit den Themen KI und Barrierefreiheit und ist selbst blind. Alle&#8230;<\/p>\n<div class=\"more-link-wrapper\"><a class=\"more-link\" href=\"https:\/\/www.netz-barrierefrei.de\/wordpress\/newsletter-digitale-barrierefreiheit\/interview-mit-steve-weidel\/\">Weiterlesen<span class=\"screen-reader-text\">K\u00fcnstliche Intelligenz f\u00fcr Barrierefreiheit &#8211; Interview mit Steve Weidel<\/span><\/a><\/div>\n","protected":false},"author":1,"featured_media":0,"parent":1450,"menu_order":0,"comment_status":"closed","ping_status":"closed","template":"","meta":{"footnotes":""},"class_list":["post-9824","page","type-page","status-publish","hentry","entry"],"_links":{"self":[{"href":"https:\/\/www.netz-barrierefrei.de\/wordpress\/wp-json\/wp\/v2\/pages\/9824","targetHints":{"allow":["GET"]}}],"collection":[{"href":"https:\/\/www.netz-barrierefrei.de\/wordpress\/wp-json\/wp\/v2\/pages"}],"about":[{"href":"https:\/\/www.netz-barrierefrei.de\/wordpress\/wp-json\/wp\/v2\/types\/page"}],"author":[{"embeddable":true,"href":"https:\/\/www.netz-barrierefrei.de\/wordpress\/wp-json\/wp\/v2\/users\/1"}],"replies":[{"embeddable":true,"href":"https:\/\/www.netz-barrierefrei.de\/wordpress\/wp-json\/wp\/v2\/comments?post=9824"}],"version-history":[{"count":5,"href":"https:\/\/www.netz-barrierefrei.de\/wordpress\/wp-json\/wp\/v2\/pages\/9824\/revisions"}],"predecessor-version":[{"id":9937,"href":"https:\/\/www.netz-barrierefrei.de\/wordpress\/wp-json\/wp\/v2\/pages\/9824\/revisions\/9937"}],"up":[{"embeddable":true,"href":"https:\/\/www.netz-barrierefrei.de\/wordpress\/wp-json\/wp\/v2\/pages\/1450"}],"wp:attachment":[{"href":"https:\/\/www.netz-barrierefrei.de\/wordpress\/wp-json\/wp\/v2\/media?parent=9824"}],"curies":[{"name":"wp","href":"https:\/\/api.w.org\/{rel}","templated":true}]}}